{"id":144,"date":"2015-01-14T16:22:37","date_gmt":"2015-01-14T16:22:37","guid":{"rendered":"http:\/\/mobility.glasgoweb.net\/?page_id=144"},"modified":"2026-08-13T15:44:22","modified_gmt":"2026-08-13T15:44:22","slug":"coches-vehiculos-personas-discapacidad","status":"publish","type":"page","link":"https:\/\/www.alliedmobility.com\/es\/coches-vehiculos-personas-discapacidad\/","title":{"rendered":"Venta de coches y veh\u00edculos para personas con discapacidad"},"content":{"rendered":"<h1><strong>Venta de coches para personas con movilidad reducida<\/strong><\/h1>\n<p>La adaptaci\u00f3n de veh\u00edculos para personas con movilidad reducida cumple una important\u00edsima funci\u00f3n a la hora de ayudar a las personas a vivir con su discapacidad en Espa\u00f1a. Disponer de coche adaptado propio puede contribuir a mejorar enormemente la autonom\u00eda y la independencia de aquellas personas con discapacidad f\u00edsica.<\/p>\n<p>En Allied Mobility Espa\u00f1a somos especialistas en el dise\u00f1o y la adaptaci\u00f3n de veh\u00edculos para personas con discapacidad, desde la venta de coches compactos hasta monovol\u00famenes m\u00e1s grandes, todos ellos totalmente adaptados para sillas de ruedas. \u00a1Si est\u00e1 buscando un veh\u00edculo adaptado para personas con discapacidad, no busque m\u00e1s \u2013 su nuevo coche para personas con movilidad reducida se encuentra aqu\u00ed!<\/p>\n<p><a class=\"button button-large contact-trigger\" href=\"https:\/\/www.alliedmobility.com\/es\/consulta-enlinea\/\" target=\"_blank\" rel=\"noopener noreferrer\">Consultar en l\u00ednea<\/a><\/p>\n<h2><strong>Dise\u00f1ados pensando en sus necesidades<\/strong><\/h2>\n<p>Allied Mobility Espa\u00f1a estamos dedicados a ofrecer a todos nuestros clientes coches adaptados gracias a un servicio totalmente personalizado. Si desea comprar un coche adaptado que combine calidad con unos precios asequibles, nuestra selecci\u00f3n de veh\u00edculos no le defraudar\u00e1.<\/p>\n<p>Nuestra gama de veh\u00edculos para personas con discapacidad est\u00e1 dise\u00f1ada para abordar una gran variedad de tipos de discapacidad y de circunstancias familiares diferentes. Como usuaria\/o de una silla de ruedas, puede que necesite comprar un coche peque\u00f1o y manejable para dos personas, o un coche adaptado m\u00e1s grande y con espacio para una familia numerosa. Puede que prefiera una transmisi\u00f3n manual o que se decante por un cambio autom\u00e1tico, que suele ser el favorito en los coches adaptados para personas con movilidad reducida.<\/p>\n<p>Le proporcionaremos el veh\u00edculo m\u00e1s adecuado para su situaci\u00f3n. Por eso es tan importante que los usuarios nuestros veh\u00edculos nos hagan saber sus opiniones, de forma que podamos seguir investigando y desarrollando nuestros proyectos para que se adapten cada vez mejor a las necesidades individuales de nuestros clientes. Si desea m\u00e1s informaci\u00f3n sobre la compra de coches adaptados para conductores con discapacidad de nuestra colecci\u00f3n, no dude en ponerse en contacto con nosotros.<\/p>\n<h2><strong>Seguridad y protecci\u00f3n de los veh\u00edculos para personas con discapacidad<\/strong><\/h2>\n<p>Ante todo, le gustar\u00e1 saber que su nuevo coche es seguro y ofrece protecci\u00f3n para todas las personas que viajan en \u00e9l. Por lo general, fabricar coches para personas con movilidad reducida \u2013 especialmente para usuarios de sillas de ruedas \u2013 supone modificar el veh\u00edculo para que haya m\u00e1s altura libre hasta el techo. Esto se consigue principalmente bajando el suelo del veh\u00edculo, lo que adem\u00e1s facilita la accesibilidad al mismo.<\/p>\n<p>Como uno de los fabricantes de veh\u00edculos para personas con discapacidad l\u00edderes en el mundo, consideramos su seguridad y protecci\u00f3n una de nuestras prioridades. Esto significa que debemos asegurarnos de que cualquier adaptaci\u00f3n efectuada en su veh\u00edculo est\u00e1 cuidadosamente dise\u00f1ada para que resulte pr\u00e1ctica, firme y f\u00e1cil de usar. Nuestros coches para personas con discapacidad tambi\u00e9n se someten a unas pruebas de seguridad independientes, con el fin de garantizar que todos nuestros veh\u00edculos adaptados para sillas de ruedas cumplen las estrictas normas internacionales de seguridad.<\/p>\n<p>Los componentes fundamentales de nuestra gama de veh\u00edculos para personas con discapacidad se dise\u00f1an y fabrican en nuestra propia f\u00e1brica o proceden de proveedores l\u00edderes en el sector del autom\u00f3vil adaptado en Europa. Esto nos permite incorporar elementos que garanticen los m\u00e1s altos niveles de comodidad, fiabilidad y seguridad, tanto para los usuarios de sillas de ruedas como para los pasajeros sin discapacidad.<\/p>\n<h2>Venta de coches para personas con discapacidades<\/h2>\n<p>Haga clic a continuaci\u00f3n para ponerse en contacto con nuestros y consulte cu\u00e1l es el mejor veh\u00edculo y la mejor soluci\u00f3n para su nuevo coche adaptado.<\/p>\n<p><a class=\"button button-large\" href=\"https:\/\/www.alliedmobility.com\/es\/consulta-enlinea\/\" target=\"_blank\" rel=\"noopener noreferrer\">Solicite una llamada de Allied Mobility<\/a><\/p>\n<h4><em><br \/>\nConf\u00ede en el fabricante l\u00edder de veh\u00edculos adaptados para personas con discapacidades en Europa.<\/em><\/h4>\n","protected":false},"excerpt":{"rendered":"<p>Venta de coches para personas con movilidad reducida La adaptaci\u00f3n de veh\u00edculos para personas con movilidad reducida cumple una&#8230;<\/p>\n","protected":false},"author":8,"featured_media":14932,"parent":0,"menu_order":0,"comment_status":"closed","ping_status":"closed","template":"","meta":{"_acf_changed":false,"inline_featured_image":false,"footnotes":""},"class_list":["post-144","page","type-page","status-publish","has-post-thumbnail","hentry"],"acf":[],"yoast_head":"<!-- This site is optimized with the Yoast SEO plugin v28.3 - https:\/\/yoast.com\/product\/yoast-seo-wordpress\/ -->\n<title>Veh\u00edculos Para Personas con Discapacidad | Coches para Minusvalidos | Allied Mobility Espa\u00f1a<\/title>\n<meta name=\"description\" content=\"Venta de coches para personas con movilidad reducida La adaptaci\u00f3n de veh\u00edculos para personas con movilidad reducida cumple una important\u00edsima funci\u00f3n a\" \/>\n<meta name=\"robots\" content=\"index, follow, max-snippet:-1, max-image-preview:large, max-video-preview:-1\" \/>\n<link rel=\"canonical\" href=\"https:\/\/www.alliedmobility.com\/es\/coches-vehiculos-personas-discapacidad\/\" \/>\n<meta property=\"og:locale\" content=\"es-ES\" \/>\n<meta property=\"og:type\" content=\"article\" \/>\n<meta property=\"og:title\" content=\"Veh\u00edculos Para Personas con Discapacidad | Coches para Minusvalidos | Allied Mobility Espa\u00f1a\" \/>\n<meta property=\"og:description\" content=\"Venta de coches para personas con movilidad reducida La adaptaci\u00f3n de veh\u00edculos para personas con movilidad reducida cumple una important\u00edsima funci\u00f3n a\" \/>\n<meta property=\"og:url\" content=\"https:\/\/www.alliedmobility.com\/es\/coches-vehiculos-personas-discapacidad\/\" \/>\n<meta property=\"og:site_name\" content=\"Allied Mobility Espana\" \/>\n<meta property=\"article:modified_time\" content=\"2026-08-13T15:44:22+00:00\" \/>\n<meta property=\"og:image\" content=\"https:\/\/www.alliedmobility.com\/es\/wp-content\/uploads\/2019\/05\/AFP_2564.jpg\" \/>\n\t<meta property=\"og:image:width\" content=\"870\" \/>\n\t<meta property=\"og:image:height\" content=\"300\" \/>\n\t<meta property=\"og:image:type\" content=\"image\/jpeg\" \/>\n<meta name=\"twitter:label1\" content=\"Estimated reading time\" \/>\n\t<meta name=\"twitter:data1\" content=\"7 minutes\" \/>\n<script type=\"application\/ld+json\" class=\"yoast-schema-graph\">{\"@context\":\"https:\\\/\\\/schema.org\",\"@graph\":[{\"@type\":\"WebPage\",\"@id\":\"https:\\\/\\\/www.alliedmobility.com\\\/es\\\/coches-vehiculos-personas-discapacidad\\\/\",\"url\":\"https:\\\/\\\/www.alliedmobility.com\\\/es\\\/coches-vehiculos-personas-discapacidad\\\/\",\"name\":\"Veh\u00edculos Para Personas con Discapacidad | Coches para Minusvalidos | Allied Mobility Espa\u00f1a\",\"isPartOf\":{\"@id\":\"https:\\\/\\\/www.alliedmobility.com\\\/es\\\/#website\"},\"primaryImageOfPage\":{\"@id\":\"https:\\\/\\\/www.alliedmobility.com\\\/es\\\/coches-vehiculos-personas-discapacidad\\\/#primaryimage\"},\"image\":{\"@id\":\"https:\\\/\\\/www.alliedmobility.com\\\/es\\\/coches-vehiculos-personas-discapacidad\\\/#primaryimage\"},\"thumbnailUrl\":\"https:\\\/\\\/www.alliedmobility.com\\\/es\\\/wp-content\\\/uploads\\\/2019\\\/05\\\/AFP_2564.jpg\",\"datePublished\":\"2015-01-14T16:22:37+00:00\",\"dateModified\":\"2026-08-13T15:44:22+00:00\",\"description\":\"Venta de coches para personas con movilidad reducida La adaptaci\u00f3n de veh\u00edculos para personas con movilidad reducida cumple una important\u00edsima funci\u00f3n a\",\"breadcrumb\":{\"@id\":\"https:\\\/\\\/www.alliedmobility.com\\\/es\\\/coches-vehiculos-personas-discapacidad\\\/#breadcrumb\"},\"inLanguage\":\"es-ES\",\"potentialAction\":[{\"@type\":\"ReadAction\",\"target\":[\"https:\\\/\\\/www.alliedmobility.com\\\/es\\\/coches-vehiculos-personas-discapacidad\\\/\"]}]},{\"@type\":\"ImageObject\",\"inLanguage\":\"es-ES\",\"@id\":\"https:\\\/\\\/www.alliedmobility.com\\\/es\\\/coches-vehiculos-personas-discapacidad\\\/#primaryimage\",\"url\":\"https:\\\/\\\/www.alliedmobility.com\\\/es\\\/wp-content\\\/uploads\\\/2019\\\/05\\\/AFP_2564.jpg\",\"contentUrl\":\"https:\\\/\\\/www.alliedmobility.com\\\/es\\\/wp-content\\\/uploads\\\/2019\\\/05\\\/AFP_2564.jpg\",\"width\":870,\"height\":300,\"caption\":\"Una mujer ayuda a una persona en silla de ruedas a subir por una rampa situada en la parte trasera de una furgoneta plateada \u2014uno de los varios veh\u00edculos para personas con discapacidad\u2014 cerca de una gran fuente en un espacio al aire libre.\"},{\"@type\":\"BreadcrumbList\",\"@id\":\"https:\\\/\\\/www.alliedmobility.com\\\/es\\\/coches-vehiculos-personas-discapacidad\\\/#breadcrumb\",\"itemListElement\":[{\"@type\":\"ListItem\",\"position\":1,\"name\":\"Inicio\",\"item\":\"https:\\\/\\\/www.alliedmobility.com\\\/es\\\/\"},{\"@type\":\"ListItem\",\"position\":2,\"name\":\"Venta de coches y veh\u00edculos para personas con discapacidad\"}],\"inLanguage\":\"es-ES\"},{\"@type\":\"WebSite\",\"@id\":\"https:\\\/\\\/www.alliedmobility.com\\\/es\\\/#website\",\"url\":\"https:\\\/\\\/www.alliedmobility.com\\\/es\\\/\",\"name\":\"Allied Mobility Espana\",\"description\":\"Coches adaptados con rampa para sillas de ruedas en Espa\u00f1a\",\"potentialAction\":[{\"@type\":\"SearchAction\",\"target\":{\"@type\":\"EntryPoint\",\"urlTemplate\":\"https:\\\/\\\/www.alliedmobility.com\\\/es\\\/?s={search_term_string}\"},\"query-input\":{\"@type\":\"PropertyValueSpecification\",\"valueRequired\":true,\"valueName\":\"search_term_string\"}}],\"inLanguage\":\"es-ES\"},{\"@type\":\"FAQPage\",\"mainEntity\":[{\"@type\":\"Question\",\"name\":\"\u00bfQu\u00e9 es un veh\u00edculo accesible para silla de ruedas?\",\"acceptedAnswer\":{\"@type\":\"Answer\",\"text\":\"Un veh\u00edculo accesible para silla de ruedas, tambi\u00e9n conocido como uno de los veh\u00edculos para minusv\u00e1lidos o personas con movilidad reducida (PMR), es un coche adaptado para facilitar el acceso y el transporte seguro de personas con movilidad reducida.\"}},{\"@type\":\"Question\",\"name\":\"\u00bfQu\u00e9 veh\u00edculos para minusv\u00e1lidos son los m\u00e1s adecuados para usuarios de silla de ruedas?\",\"acceptedAnswer\":{\"@type\":\"Answer\",\"text\":\"Los veh\u00edculos para minusv\u00e1lidos m\u00e1s adecuados para usuarios de silla de ruedas son aquellos que incorporan rampas de acceso, sistemas de sujeci\u00f3n homologados y espacio suficiente para viajar con comodidad y seguridad. La elecci\u00f3n depender\u00e1 de las necesidades espec\u00edficas del usuario, del n\u00famero de pasajeros y del uso previsto del veh\u00edculo.\"}},{\"@type\":\"Question\",\"name\":\"Soy usuario de silla de ruedas; \u00bfes seguro viajar en un coche para discapacitados?\",\"acceptedAnswer\":{\"@type\":\"Answer\",\"text\":\"Por\u00a0supuesto. La\u00a0seguridad\u00a0de\u00a0nuestros\u00a0clientes\u00a0es primordial, y\u00a0por\u00a0eso\u00a0todos\u00a0nuestros\u00a0veh\u00edculos\u00a0est\u00e1n\u00a0equipados\u00a0con\u00a0sistemas\u00a0de\u00a0retenci\u00f3n\u00a0para\u00a0sillas\u00a0de\u00a0ruedas\u00a0y\u00a0cinturones\u00a0de\u00a0seguridad\u00a0para\u00a0pasajeros\u00a0en\u00a0silla\u00a0de\u00a0ruedas\u00a0de\u00a0alta\u00a0calidad\u00a0y\u00a0eficacia\u00a0probada.\"}},{\"@type\":\"Question\",\"name\":\"\u00bfQu\u00e9 otras caracter\u00edsticas especiales tiene un veh\u00edculo accesible para sillas de ruedas?\",\"acceptedAnswer\":{\"@type\":\"Answer\",\"text\":\"Adem\u00e1s\u00a0de\u00a0nuestras\u00a0exclusivas\u00a0rampas\u00a0de\u00a0acceso\u00a0para\u00a0sillas\u00a0de\u00a0ruedas,\u00a0suspensi\u00f3n\u00a0rebajada\u00a0y\u00a0sistemas\u00a0de\u00a0cabrestante\u00a0el\u00e9ctrico,\u00a0nuestros\u00a0veh\u00edculos\u00a0ofrecen\u00a0una\u00a0gama\u00a0de\u00a0otras\u00a0caracter\u00edsticas\u00a0accesibles. Entre\u00a0ellas\u00a0se\u00a0incluyen\u00a0sistemas\u00a0de\u00a0sujeci\u00f3n\u00a0para\u00a0sillas\u00a0de\u00a0ruedas,\u00a0cinturones\u00a0de\u00a0seguridad\u00a0para\u00a0pasajeros\u00a0en\u00a0silla\u00a0de\u00a0ruedas,\u00a0estribos\u00a0laterales\u00a0el\u00e9ctricos,\u00a0suelo\u00a0antideslizante,\u00a0pasamanos\u00a0de\u00a0seguridad\u00a0y\u00a0suelo\u00a0con\u00a0orugas.\"}}],\"inLanguage\":\"es-ES\"}]}<\/script>\n<!-- \/ Yoast SEO plugin. -->","yoast_head_json":{"title":"Veh\u00edculos Para Personas con Discapacidad | Coches para Minusvalidos | Allied Mobility Espa\u00f1a","description":"Venta de coches para personas con movilidad reducida La adaptaci\u00f3n de veh\u00edculos para personas con movilidad reducida cumple una important\u00edsima funci\u00f3n a","robots":{"index":"index","follow":"follow","max-snippet":"max-snippet:-1","max-image-preview":"max-image-preview:large","max-video-preview":"max-video-preview:-1"},"canonical":"https:\/\/www.alliedmobility.com\/es\/coches-vehiculos-personas-discapacidad\/","og_locale":"es-ES","og_type":"article","og_title":"Veh\u00edculos Para Personas con Discapacidad | Coches para Minusvalidos | Allied Mobility Espa\u00f1a","og_description":"Venta de coches para personas con movilidad reducida La adaptaci\u00f3n de veh\u00edculos para personas con movilidad reducida cumple una important\u00edsima funci\u00f3n a","og_url":"https:\/\/www.alliedmobility.com\/es\/coches-vehiculos-personas-discapacidad\/","og_site_name":"Allied Mobility Espana","article_modified_time":"2026-08-13T15:44:22+00:00","og_image":[{"width":870,"height":300,"url":"https:\/\/www.alliedmobility.com\/es\/wp-content\/uploads\/2019\/05\/AFP_2564.jpg","type":"image\/jpeg"}],"twitter_misc":{"Estimated reading time":"7 minutes"},"schema":{"@context":"https:\/\/schema.org","@graph":[{"@type":"WebPage","@id":"https:\/\/www.alliedmobility.com\/es\/coches-vehiculos-personas-discapacidad\/","url":"https:\/\/www.alliedmobility.com\/es\/coches-vehiculos-personas-discapacidad\/","name":"Veh\u00edculos Para Personas con Discapacidad | Coches para Minusvalidos | Allied Mobility Espa\u00f1a","isPartOf":{"@id":"https:\/\/www.alliedmobility.com\/es\/#website"},"primaryImageOfPage":{"@id":"https:\/\/www.alliedmobility.com\/es\/coches-vehiculos-personas-discapacidad\/#primaryimage"},"image":{"@id":"https:\/\/www.alliedmobility.com\/es\/coches-vehiculos-personas-discapacidad\/#primaryimage"},"thumbnailUrl":"https:\/\/www.alliedmobility.com\/es\/wp-content\/uploads\/2019\/05\/AFP_2564.jpg","datePublished":"2015-01-14T16:22:37+00:00","dateModified":"2026-08-13T15:44:22+00:00","description":"Venta de coches para personas con movilidad reducida La adaptaci\u00f3n de veh\u00edculos para personas con movilidad reducida cumple una important\u00edsima funci\u00f3n a","breadcrumb":{"@id":"https:\/\/www.alliedmobility.com\/es\/coches-vehiculos-personas-discapacidad\/#breadcrumb"},"inLanguage":"es-ES","potentialAction":[{"@type":"ReadAction","target":["https:\/\/www.alliedmobility.com\/es\/coches-vehiculos-personas-discapacidad\/"]}]},{"@type":"ImageObject","inLanguage":"es-ES","@id":"https:\/\/www.alliedmobility.com\/es\/coches-vehiculos-personas-discapacidad\/#primaryimage","url":"https:\/\/www.alliedmobility.com\/es\/wp-content\/uploads\/2019\/05\/AFP_2564.jpg","contentUrl":"https:\/\/www.alliedmobility.com\/es\/wp-content\/uploads\/2019\/05\/AFP_2564.jpg","width":870,"height":300,"caption":"Una mujer ayuda a una persona en silla de ruedas a subir por una rampa situada en la parte trasera de una furgoneta plateada \u2014uno de los varios veh\u00edculos para personas con discapacidad\u2014 cerca de una gran fuente en un espacio al aire libre."},{"@type":"BreadcrumbList","@id":"https:\/\/www.alliedmobility.com\/es\/coches-vehiculos-personas-discapacidad\/#breadcrumb","itemListElement":[{"@type":"ListItem","position":1,"name":"Inicio","item":"https:\/\/www.alliedmobility.com\/es\/"},{"@type":"ListItem","position":2,"name":"Venta de coches y veh\u00edculos para personas con discapacidad"}],"inLanguage":"es-ES"},{"@type":"WebSite","@id":"https:\/\/www.alliedmobility.com\/es\/#website","url":"https:\/\/www.alliedmobility.com\/es\/","name":"Allied Mobility Espana","description":"Coches adaptados con rampa para sillas de ruedas en Espa\u00f1a","potentialAction":[{"@type":"SearchAction","target":{"@type":"EntryPoint","urlTemplate":"https:\/\/www.alliedmobility.com\/es\/?s={search_term_string}"},"query-input":{"@type":"PropertyValueSpecification","valueRequired":true,"valueName":"search_term_string"}}],"inLanguage":"es-ES"},{"@type":"FAQPage","mainEntity":[{"@type":"Question","name":"\u00bfQu\u00e9 es un veh\u00edculo accesible para silla de ruedas?","acceptedAnswer":{"@type":"Answer","text":"Un veh\u00edculo accesible para silla de ruedas, tambi\u00e9n conocido como uno de los veh\u00edculos para minusv\u00e1lidos o personas con movilidad reducida (PMR), es un coche adaptado para facilitar el acceso y el transporte seguro de personas con movilidad reducida."}},{"@type":"Question","name":"\u00bfQu\u00e9 veh\u00edculos para minusv\u00e1lidos son los m\u00e1s adecuados para usuarios de silla de ruedas?","acceptedAnswer":{"@type":"Answer","text":"Los veh\u00edculos para minusv\u00e1lidos m\u00e1s adecuados para usuarios de silla de ruedas son aquellos que incorporan rampas de acceso, sistemas de sujeci\u00f3n homologados y espacio suficiente para viajar con comodidad y seguridad. La elecci\u00f3n depender\u00e1 de las necesidades espec\u00edficas del usuario, del n\u00famero de pasajeros y del uso previsto del veh\u00edculo."}},{"@type":"Question","name":"Soy usuario de silla de ruedas; \u00bfes seguro viajar en un coche para discapacitados?","acceptedAnswer":{"@type":"Answer","text":"Por\u00a0supuesto. La\u00a0seguridad\u00a0de\u00a0nuestros\u00a0clientes\u00a0es primordial, y\u00a0por\u00a0eso\u00a0todos\u00a0nuestros\u00a0veh\u00edculos\u00a0est\u00e1n\u00a0equipados\u00a0con\u00a0sistemas\u00a0de\u00a0retenci\u00f3n\u00a0para\u00a0sillas\u00a0de\u00a0ruedas\u00a0y\u00a0cinturones\u00a0de\u00a0seguridad\u00a0para\u00a0pasajeros\u00a0en\u00a0silla\u00a0de\u00a0ruedas\u00a0de\u00a0alta\u00a0calidad\u00a0y\u00a0eficacia\u00a0probada."}},{"@type":"Question","name":"\u00bfQu\u00e9 otras caracter\u00edsticas especiales tiene un veh\u00edculo accesible para sillas de ruedas?","acceptedAnswer":{"@type":"Answer","text":"Adem\u00e1s\u00a0de\u00a0nuestras\u00a0exclusivas\u00a0rampas\u00a0de\u00a0acceso\u00a0para\u00a0sillas\u00a0de\u00a0ruedas,\u00a0suspensi\u00f3n\u00a0rebajada\u00a0y\u00a0sistemas\u00a0de\u00a0cabrestante\u00a0el\u00e9ctrico,\u00a0nuestros\u00a0veh\u00edculos\u00a0ofrecen\u00a0una\u00a0gama\u00a0de\u00a0otras\u00a0caracter\u00edsticas\u00a0accesibles. Entre\u00a0ellas\u00a0se\u00a0incluyen\u00a0sistemas\u00a0de\u00a0sujeci\u00f3n\u00a0para\u00a0sillas\u00a0de\u00a0ruedas,\u00a0cinturones\u00a0de\u00a0seguridad\u00a0para\u00a0pasajeros\u00a0en\u00a0silla\u00a0de\u00a0ruedas,\u00a0estribos\u00a0laterales\u00a0el\u00e9ctricos,\u00a0suelo\u00a0antideslizante,\u00a0pasamanos\u00a0de\u00a0seguridad\u00a0y\u00a0suelo\u00a0con\u00a0orugas."}}],"inLanguage":"es-ES"}]}},"_links":{"self":[{"href":"https:\/\/www.alliedmobility.com\/es\/wp-json\/wp\/v2\/pages\/144","targetHints":{"allow":["GET"]}}],"collection":[{"href":"https:\/\/www.alliedmobility.com\/es\/wp-json\/wp\/v2\/pages"}],"about":[{"href":"https:\/\/www.alliedmobility.com\/es\/wp-json\/wp\/v2\/types\/page"}],"author":[{"embeddable":true,"href":"https:\/\/www.alliedmobility.com\/es\/wp-json\/wp\/v2\/users\/8"}],"replies":[{"embeddable":true,"href":"https:\/\/www.alliedmobility.com\/es\/wp-json\/wp\/v2\/comments?post=144"}],"version-history":[{"count":72,"href":"https:\/\/www.alliedmobility.com\/es\/wp-json\/wp\/v2\/pages\/144\/revisions"}],"predecessor-version":[{"id":20303,"href":"https:\/\/www.alliedmobility.com\/es\/wp-json\/wp\/v2\/pages\/144\/revisions\/20303"}],"wp:featuredmedia":[{"embeddable":true,"href":"https:\/\/www.alliedmobility.com\/es\/wp-json\/wp\/v2\/media\/14932"}],"wp:attachment":[{"href":"https:\/\/www.alliedmobility.com\/es\/wp-json\/wp\/v2\/media?parent=144"}],"curies":[{"name":"wp","href":"https:\/\/api.w.org\/{rel}","templated":true}]}}